{"version":"1.0","provider_name":"Feodus","provider_url":"https:\/\/www.feodus-finance.fr\/defiscalisation","title":"Projet de r\u00e9forme des retraites - Feodus","type":"rich","width":600,"height":338,"html":"<blockquote class=\"wp-embedded-content\" data-secret=\"fAjVJJRnuQ\"><a href=\"https:\/\/www.feodus-finance.fr\/defiscalisation\/projet-de-reforme-des-retraites\/\">Projet de r\u00e9forme des retraites<\/a><\/blockquote><iframe sandbox=\"allow-scripts\" security=\"restricted\" src=\"https:\/\/www.feodus-finance.fr\/defiscalisation\/projet-de-reforme-des-retraites\/embed\/#?secret=fAjVJJRnuQ\" width=\"600\" height=\"338\" title=\"\u00ab\u00a0Projet de r\u00e9forme des retraites\u00a0\u00bb &#8212; Feodus\" data-secret=\"fAjVJJRnuQ\" frameborder=\"0\" marginwidth=\"0\" marginheight=\"0\" scrolling=\"no\" class=\"wp-embedded-content\"><\/iframe><script>\n\/*! This file is auto-generated *\/\n!function(d,l){\"use strict\";l.querySelector&&d.addEventListener&&\"undefined\"!=typeof URL&&(d.wp=d.wp||{},d.wp.receiveEmbedMessage||(d.wp.receiveEmbedMessage=function(e){var t=e.data;if((t||t.secret||t.message||t.value)&&!\/[^a-zA-Z0-9]\/.test(t.secret)){for(var s,r,n,a=l.querySelectorAll('iframe[data-secret=\"'+t.secret+'\"]'),o=l.querySelectorAll('blockquote[data-secret=\"'+t.secret+'\"]'),c=new RegExp(\"^https?:$\",\"i\"),i=0;i<o.length;i++)o[i].style.display=\"none\";for(i=0;i<a.length;i++)s=a[i],e.source===s.contentWindow&&(s.removeAttribute(\"style\"),\"height\"===t.message?(1e3<(r=parseInt(t.value,10))?r=1e3:~~r<200&&(r=200),s.height=r):\"link\"===t.message&&(r=new URL(s.getAttribute(\"src\")),n=new URL(t.value),c.test(n.protocol))&&n.host===r.host&&l.activeElement===s&&(d.top.location.href=t.value))}},d.addEventListener(\"message\",d.wp.receiveEmbedMessage,!1),l.addEventListener(\"DOMContentLoaded\",function(){for(var e,t,s=l.querySelectorAll(\"iframe.wp-embedded-content\"),r=0;r<s.length;r++)(t=(e=s[r]).getAttribute(\"data-secret\"))||(t=Math.random().toString(36).substring(2,12),e.src+=\"#?secret=\"+t,e.setAttribute(\"data-secret\",t)),e.contentWindow.postMessage({message:\"ready\",secret:t},\"*\")},!1)))}(window,document);\n\/\/# sourceURL=https:\/\/www.feodus-finance.fr\/defiscalisation\/wp-includes\/js\/wp-embed.min.js\n<\/script>\n","thumbnail_url":"https:\/\/www.feodus-finance.fr\/defiscalisation\/wp-content\/uploads\/2023\/11\/15726.jpeg","thumbnail_width":920,"thumbnail_height":613,"description":"Report de l&#8217;\u00e2ge l\u00e9gal de d\u00e9part \u00e0 la retraite \u00e0 64&nbsp;ans \u00e0 partir de 2030, 43&nbsp;ans de cotisation n\u00e9cessaires \u00e0 partir de 2027, prise en compte de la p\u00e9nibilit\u00e9, suppression des r\u00e9gimes sp\u00e9ciaux\u2026 quels sont les points principaux du projet de la r\u00e9forme des retraites pr\u00e9sent\u00e9e d\u00e9but Janvier 2023&nbsp;et qui fait couler tant d\u2019encre\u2026 Gen\u00e8se ... Lire plus"}