{"id":1959,"date":"2023-11-21T12:37:35","date_gmt":"2023-11-21T12:37:35","guid":{"rendered":"https:\/\/www.feodus-finance.fr\/defiscalisation\/?page_id=1959"},"modified":"2023-11-25T15:39:33","modified_gmt":"2023-11-25T14:39:33","slug":"cvae","status":"publish","type":"page","link":"https:\/\/www.feodus-finance.fr\/defiscalisation\/cvae\/","title":{"rendered":"CVAE"},"content":{"rendered":"\n<p>Les entreprises entrant dans le champ d\u2019application de la cotisation fonci\u00e8re des entreprises (CFE) et dont le chiffre d\u2019affaires (CA) exc\u00e8de 152&nbsp;500 \u20ac sont assujetties \u00e0 la CVAE et sont soumises \u00e0 une obligation d\u00e9clarative.<\/p>\n\n\n\n<p>Toutefois, seules les personnes qui exercent \u00e0 titre habituel une activit\u00e9 professionnelle non salari\u00e9e et dont le chiffre d\u2019affaires est sup\u00e9rieur \u00e0 500&nbsp;000 \u20ac HT doivent acquitter la CVAE.<\/p>\n\n\n\n<h2 class=\"wp-block-heading\">Comment et quand d\u00e9clarer ?<\/h2>\n\n\n\n<h4 class=\"wp-block-heading\">\u2014<\/h4>\n\n\n\n<p>Une d\u00e9claration n\u00b0<strong>&nbsp;1330-CVAE<\/strong>&nbsp;de la valeur ajout\u00e9e et des effectifs salari\u00e9s doit \u00eatre d\u00e9pos\u00e9e par voie d\u00e9mat\u00e9rialis\u00e9e par toutes les entreprises dont le&nbsp;<strong>CA est sup\u00e9rieur \u00e0 152&nbsp;500 \u20ac.<\/strong><\/p>\n\n\n\n<p>La t\u00e9l\u00e9d\u00e9claration se fait&nbsp;<em>via&nbsp;<\/em>la proc\u00e9dure TDFC (Transfert de Donn\u00e9es Fiscales et Comptables), la plupart des \u00e9diteurs de logiciels \u00e9tant en mesure d\u2019offrir une interface entre des fichiers de type Excel ou des bases de donn\u00e9es et la proc\u00e9dure TDFC.<\/p>\n\n\n\n<p>Les entreprises mono-\u00e9tablissement au sens de la CVAE, c&#8217;est-\u00e0-dire celles qui sont implant\u00e9es dans une seule commune et qui n&#8217;emploient aucun salari\u00e9 en dehors de cette commune pendant plus de trois mois cons\u00e9cutifs, sont dispens\u00e9es du d\u00e9p\u00f4t de la d\u00e9claration n\u00b0 1330-CVAE, sous r\u00e9serve de compl\u00e9ter le cadre \u00ab&nbsp;Cotisation sur la valeur ajout\u00e9e des entreprises&nbsp;\u00bb figurant dans les tableaux de d\u00e9termination de la valeur ajout\u00e9e inclue dans les liasses fiscales (d\u00e9clarations de r\u00e9sultat selon le cas n\u00b0<sup>s<\/sup>&nbsp;2059-E, 2033-E, 2035-E ou 2072-E).<\/p>\n\n\n\n<p>Plus pr\u00e9cis\u00e9ment, les entreprises sont concern\u00e9es par la dispense de d\u00e9p\u00f4t de l&#8217;imprim\u00e9 n\u00b0 1330-CVAE lorsqu&#8217;elles remplissent les conditions cumulatives suivantes (cf. BOI-CVAE-DECLA-10-20)&nbsp;:<\/p>\n\n\n\n<ul class=\"wp-block-list\">\n<li>avoir d\u00fbment rempli la cadre r\u00e9serv\u00e9 \u00e0 la CVAE dans leur d\u00e9claration de r\u00e9sultats&nbsp;: tableaux n\u00b0 2033-E, 2035&nbsp;E, 2059-E ou 2072-E&nbsp;;<\/li>\n\n\n\n<li>ne disposer que d\u2019un seul \u00e9tablissement au sens de la cotisation fonci\u00e8re des entreprises (CFE)&nbsp;;<\/li>\n\n\n\n<li>ne pas employer des salari\u00e9s exer\u00e7ant leur activit\u00e9 plus de trois mois sur un lieu hors de l\u2019entreprise&nbsp;;<\/li>\n\n\n\n<li>ne pas \u00eatre une soci\u00e9t\u00e9 civile de moyens&nbsp;;<\/li>\n\n\n\n<li>ne pas exploiter plusieurs activit\u00e9s n\u00e9cessitant des d\u00e9clarations de r\u00e9sultats de nature diff\u00e9rente&nbsp;;<\/li>\n\n\n\n<li>ne pas avoir cl\u00f4tur\u00e9 plusieurs exercices au cours de la p\u00e9riode de r\u00e9f\u00e9rence&nbsp;;<\/li>\n\n\n\n<li>ne pas avoir fusionn\u00e9 au cours de l\u2019exercice de r\u00e9f\u00e9rence CVAE&nbsp;;<\/li>\n\n\n\n<li>ne pas \u00eatre une entreprise qui, n\u2019employant aucun salari\u00e9 en France et n\u2019exploitant aucun \u00e9tablissement en France, y exerce cependant une activit\u00e9 de location ou de vente d\u2019immeubles&nbsp;;<\/li>\n\n\n\n<li>ne pas \u00eatre soumises au r\u00e9gime des micro entreprises.<\/li>\n\n\n\n<li>Si votre entreprise r\u00e9alise un chiffre d&#8217;affaires sup\u00e9rieur \u00e0 500&nbsp;000 \u20ac hors taxe&nbsp;:<\/li>\n\n\n\n<li>deux acomptes (formulaires n\u00b0<strong>&nbsp;1329-AC<\/strong>) sont \u00e0 r\u00e9gler&nbsp;<strong>au plus tard le 15&nbsp;juin et le 15&nbsp;septembre de l&#8217;ann\u00e9e N<\/strong>, repr\u00e9sentant chacun 50&nbsp;% de la cotisation due au titre de l&#8217;ann\u00e9e d&#8217;imposition calcul\u00e9e d&#8217;apr\u00e8s la valeur ajout\u00e9e mentionn\u00e9e sur la derni\u00e8re d\u00e9claration de r\u00e9sultat exig\u00e9e. Les acomptes ne sont pas dus si le montant de CVAE d\u00fb au titre de l&#8217;ann\u00e9e pr\u00e9c\u00e9dente n&#8217;exc\u00e8de pas 3&nbsp;000 \u20ac (\u00e0 compter des acomptes dus au titre de 2022, ce seuil est fix\u00e9 \u00e0 1&nbsp;500 \u20ac)&nbsp;;<\/li>\n\n\n\n<li>la d\u00e9claration de liquidation et de r\u00e9gularisation n\u00b0<strong>1329-DEF<\/strong>&nbsp;d\u00e9pos\u00e9e au titre de l&#8217;imposition de l\u2019ann\u00e9e N doit \u00eatre t\u00e9l\u00e9d\u00e9clar\u00e9e et t\u00e9l\u00e9pay\u00e9e au plus tard le deuxi\u00e8me jour ouvr\u00e9 qui suit le 1<sup>er<\/sup>&nbsp;mai N+1.<\/li>\n<\/ul>\n\n\n\n<h2 class=\"wp-block-heading\">Comment payer ?<\/h2>\n\n\n\n<h4 class=\"wp-block-heading\">\u2014<\/h4>\n\n\n\n<p>Les taxes fonci\u00e8res sur les propri\u00e9t\u00e9s b\u00e2ties et les propri\u00e9t\u00e9s non b\u00e2ties sont dues par les propri\u00e9taires ou usufruitiers (particulier, entreprise ou autre personne morale) des immeubles situ\u00e9s en France, \u00e0 l&#8217;exception de ceux qui sont express\u00e9ment exon\u00e9r\u00e9s.<\/p>\n\n\n\n<p>L&#8217;imposition est \u00e9tablie dans la commune de situation du bien imposable (art.1399 du CGI).<\/p>\n","protected":false},"excerpt":{"rendered":"<p>Les entreprises entrant dans le champ d\u2019application de la cotisation fonci\u00e8re des entreprises (CFE) et dont le chiffre d\u2019affaires (CA) exc\u00e8de 152&nbsp;500 \u20ac sont assujetties \u00e0 la CVAE et sont soumises \u00e0 une obligation d\u00e9clarative. Toutefois, seules les personnes qui exercent \u00e0 titre habituel une activit\u00e9 professionnelle non salari\u00e9e et dont le chiffre d\u2019affaires est &#8230; <a title=\"CVAE\" class=\"read-more\" href=\"https:\/\/www.feodus-finance.fr\/defiscalisation\/cvae\/\" aria-label=\"En savoir plus sur CVAE\">Lire plus<\/a><\/p>\n","protected":false},"author":4,"featured_media":1962,"parent":1955,"menu_order":0,"comment_status":"closed","ping_status":"closed","template":"","meta":{"footnotes":""},"class_list":["post-1959","page","type-page","status-publish","has-post-thumbnail"],"yoast_head":"<!-- This site is optimized with the Yoast SEO plugin v24.6 - https:\/\/yoast.com\/wordpress\/plugins\/seo\/ -->\n<title>Cotisation sur la valeur ajout\u00e9e des entreprises (CVAE)<\/title>\n<meta name=\"description\" content=\"Les entreprises entrant dans le champ d\u2019application de la cotisation fonci\u00e8re des entreprises (CFE) et dont le chiffre d\u2019affaires (CA) exc\u00e8de 152\u00a0500\u2026\" \/>\n<meta name=\"robots\" content=\"index, follow, max-snippet:-1, max-image-preview:large, max-video-preview:-1\" \/>\n<link rel=\"canonical\" href=\"https:\/\/www.feodus-finance.fr\/defiscalisation\/cvae\/\" \/>\n<meta property=\"og:locale\" content=\"fr_FR\" \/>\n<meta property=\"og:type\" content=\"article\" \/>\n<meta property=\"og:title\" content=\"Cotisation sur la valeur ajout\u00e9e des entreprises (CVAE)\" \/>\n<meta property=\"og:description\" content=\"Les entreprises entrant dans le champ d\u2019application de la cotisation fonci\u00e8re des entreprises (CFE) et dont le chiffre d\u2019affaires (CA) exc\u00e8de 152\u00a0500\u2026\" \/>\n<meta property=\"og:url\" content=\"https:\/\/www.feodus-finance.fr\/defiscalisation\/cvae\/\" \/>\n<meta property=\"og:site_name\" content=\"Feodus\" \/>\n<meta property=\"article:modified_time\" content=\"2023-11-25T14:39:33+00:00\" \/>\n<meta property=\"og:image\" content=\"https:\/\/www.feodus-finance.fr\/defiscalisation\/wp-content\/uploads\/2023\/11\/9942.jpeg\" \/>\n\t<meta property=\"og:image:width\" content=\"920\" \/>\n\t<meta property=\"og:image:height\" content=\"541\" \/>\n\t<meta property=\"og:image:type\" content=\"image\/jpeg\" \/>\n<meta name=\"twitter:card\" content=\"summary_large_image\" \/>\n<!-- \/ Yoast SEO plugin. -->","yoast_head_json":{"title":"Cotisation sur la valeur ajout\u00e9e des entreprises (CVAE)","description":"Les entreprises entrant dans le champ d\u2019application de la cotisation fonci\u00e8re des entreprises (CFE) et dont le chiffre d\u2019affaires (CA) exc\u00e8de 152\u00a0500\u2026","robots":{"index":"index","follow":"follow","max-snippet":"max-snippet:-1","max-image-preview":"max-image-preview:large","max-video-preview":"max-video-preview:-1"},"canonical":"https:\/\/www.feodus-finance.fr\/defiscalisation\/cvae\/","og_locale":"fr_FR","og_type":"article","og_title":"Cotisation sur la valeur ajout\u00e9e des entreprises (CVAE)","og_description":"Les entreprises entrant dans le champ d\u2019application de la cotisation fonci\u00e8re des entreprises (CFE) et dont le chiffre d\u2019affaires (CA) exc\u00e8de 152\u00a0500\u2026","og_url":"https:\/\/www.feodus-finance.fr\/defiscalisation\/cvae\/","og_site_name":"Feodus","article_modified_time":"2023-11-25T14:39:33+00:00","og_image":[{"width":920,"height":541,"url":"https:\/\/www.feodus-finance.fr\/defiscalisation\/wp-content\/uploads\/2023\/11\/9942.jpeg","type":"image\/jpeg"}],"twitter_card":"summary_large_image","schema":{"@context":"https:\/\/schema.org","@graph":[{"@type":"WebPage","@id":"https:\/\/www.feodus-finance.fr\/defiscalisation\/cvae\/","url":"https:\/\/www.feodus-finance.fr\/defiscalisation\/cvae\/","name":"Cotisation sur la valeur ajout\u00e9e des entreprises (CVAE)","isPartOf":{"@id":"https:\/\/www.feodus-finance.fr\/defiscalisation\/#website"},"primaryImageOfPage":{"@id":"https:\/\/www.feodus-finance.fr\/defiscalisation\/cvae\/#primaryimage"},"image":{"@id":"https:\/\/www.feodus-finance.fr\/defiscalisation\/cvae\/#primaryimage"},"thumbnailUrl":"https:\/\/www.feodus-finance.fr\/defiscalisation\/wp-content\/uploads\/2023\/11\/9942.jpeg","datePublished":"2023-11-21T12:37:35+00:00","dateModified":"2023-11-25T14:39:33+00:00","description":"Les entreprises entrant dans le champ d\u2019application de la cotisation fonci\u00e8re des entreprises (CFE) et dont le chiffre d\u2019affaires (CA) exc\u00e8de 152\u00a0500\u2026","breadcrumb":{"@id":"https:\/\/www.feodus-finance.fr\/defiscalisation\/cvae\/#breadcrumb"},"inLanguage":"fr-FR","potentialAction":[{"@type":"ReadAction","target":["https:\/\/www.feodus-finance.fr\/defiscalisation\/cvae\/"]}]},{"@type":"ImageObject","inLanguage":"fr-FR","@id":"https:\/\/www.feodus-finance.fr\/defiscalisation\/cvae\/#primaryimage","url":"https:\/\/www.feodus-finance.fr\/defiscalisation\/wp-content\/uploads\/2023\/11\/9942.jpeg","contentUrl":"https:\/\/www.feodus-finance.fr\/defiscalisation\/wp-content\/uploads\/2023\/11\/9942.jpeg","width":920,"height":541,"caption":"CVAE"},{"@type":"BreadcrumbList","@id":"https:\/\/www.feodus-finance.fr\/defiscalisation\/cvae\/#breadcrumb","itemListElement":[{"@type":"ListItem","position":1,"name":"Accueil","item":"https:\/\/www.feodus-finance.fr\/defiscalisation\/"},{"@type":"ListItem","position":2,"name":"Entreprise","item":"https:\/\/www.feodus-finance.fr\/defiscalisation\/entreprise\/"},{"@type":"ListItem","position":3,"name":"Imposition","item":"https:\/\/www.feodus-finance.fr\/defiscalisation\/imposition\/"},{"@type":"ListItem","position":4,"name":"CVAE"}]},{"@type":"WebSite","@id":"https:\/\/www.feodus-finance.fr\/defiscalisation\/#website","url":"https:\/\/www.feodus-finance.fr\/defiscalisation\/","name":"Feodus","description":"","publisher":{"@id":"https:\/\/www.feodus-finance.fr\/defiscalisation\/#organization"},"potentialAction":[{"@type":"SearchAction","target":{"@type":"EntryPoint","urlTemplate":"https:\/\/www.feodus-finance.fr\/defiscalisation\/?s={search_term_string}"},"query-input":{"@type":"PropertyValueSpecification","valueRequired":true,"valueName":"search_term_string"}}],"inLanguage":"fr-FR"},{"@type":"Organization","@id":"https:\/\/www.feodus-finance.fr\/defiscalisation\/#organization","name":"Feodus","url":"https:\/\/www.feodus-finance.fr\/defiscalisation\/","logo":{"@type":"ImageObject","inLanguage":"fr-FR","@id":"https:\/\/www.feodus-finance.fr\/defiscalisation\/#\/schema\/logo\/image\/","url":"https:\/\/www.feodus-finance.fr\/defiscalisation\/wp-content\/uploads\/2023\/11\/cropped-logo-footer.jpg","contentUrl":"https:\/\/www.feodus-finance.fr\/defiscalisation\/wp-content\/uploads\/2023\/11\/cropped-logo-footer.jpg","width":249,"height":73,"caption":"Feodus"},"image":{"@id":"https:\/\/www.feodus-finance.fr\/defiscalisation\/#\/schema\/logo\/image\/"}}]}},"_links":{"self":[{"href":"https:\/\/www.feodus-finance.fr\/defiscalisation\/wp-json\/wp\/v2\/pages\/1959","targetHints":{"allow":["GET"]}}],"collection":[{"href":"https:\/\/www.feodus-finance.fr\/defiscalisation\/wp-json\/wp\/v2\/pages"}],"about":[{"href":"https:\/\/www.feodus-finance.fr\/defiscalisation\/wp-json\/wp\/v2\/types\/page"}],"author":[{"embeddable":true,"href":"https:\/\/www.feodus-finance.fr\/defiscalisation\/wp-json\/wp\/v2\/users\/4"}],"replies":[{"embeddable":true,"href":"https:\/\/www.feodus-finance.fr\/defiscalisation\/wp-json\/wp\/v2\/comments?post=1959"}],"version-history":[{"count":2,"href":"https:\/\/www.feodus-finance.fr\/defiscalisation\/wp-json\/wp\/v2\/pages\/1959\/revisions"}],"predecessor-version":[{"id":1961,"href":"https:\/\/www.feodus-finance.fr\/defiscalisation\/wp-json\/wp\/v2\/pages\/1959\/revisions\/1961"}],"up":[{"embeddable":true,"href":"https:\/\/www.feodus-finance.fr\/defiscalisation\/wp-json\/wp\/v2\/pages\/1955"}],"wp:featuredmedia":[{"embeddable":true,"href":"https:\/\/www.feodus-finance.fr\/defiscalisation\/wp-json\/wp\/v2\/media\/1962"}],"wp:attachment":[{"href":"https:\/\/www.feodus-finance.fr\/defiscalisation\/wp-json\/wp\/v2\/media?parent=1959"}],"curies":[{"name":"wp","href":"https:\/\/api.w.org\/{rel}","templated":true}]}}