{"id":1973,"date":"2023-11-21T12:42:28","date_gmt":"2023-11-21T12:42:28","guid":{"rendered":"https:\/\/www.feodus-finance.fr\/defiscalisation\/?page_id=1973"},"modified":"2023-11-25T15:39:48","modified_gmt":"2023-11-25T14:39:48","slug":"taxe-fonciere","status":"publish","type":"page","link":"https:\/\/www.feodus-finance.fr\/defiscalisation\/taxe-fonciere\/","title":{"rendered":"Taxes fonci\u00e8res des Entreprises"},"content":{"rendered":"\n<p>Les taxes fonci\u00e8res sur les propri\u00e9t\u00e9s b\u00e2ties et les propri\u00e9t\u00e9s non b\u00e2ties sont dues par les propri\u00e9taires ou usufruitiers (particulier, entreprise ou autre personne morale) des immeubles situ\u00e9s en France, \u00e0 l&#8217;exception de ceux qui sont express\u00e9ment exon\u00e9r\u00e9s.<\/p>\n\n\n\n<p>L&#8217;imposition est \u00e9tablie dans la commune de situation du bien imposable (art.1399 du CGI).<\/p>\n\n\n\n<h2 class=\"wp-block-heading\">Comment d\u00e9clarer ?<\/h2>\n\n\n\n<h4 class=\"wp-block-heading\">\u2014<\/h4>\n\n\n\n<p>Les imprim\u00e9s de d\u00e9claration des propri\u00e9t\u00e9s b\u00e2ties sont disponibles sur le portail impots.gouv.fr, rubrique Particuliers\\Comment faire pour g\u00e9rer mon patrimoine et mon logement. Les dispositions de cette rubrique s&#8217;appliquent aussi aux entreprises et personnes morales propri\u00e9taires. Le changement de propri\u00e9taire est effectu\u00e9 sans d\u00e9marche de votre part suite \u00e0 la publication au fichier immobilier de l&#8217;acte de vente.<\/p>\n\n\n\n<h2 class=\"wp-block-heading\">Comment consulter vos avis ?<\/h2>\n\n\n\n<h4 class=\"wp-block-heading\">\u2014<\/h4>\n\n\n\n<p>Les avis de taxe fonci\u00e8res des entreprises sont d\u00e9sormais consultables (\u00e0 compter de septembre 2021) en ligne dans votre espace professionnel.<\/p>\n\n\n\n<p>Pour acc\u00e9der \u00e0 votre avis, il suffit de cliquer sur \u00ab&nbsp;Votre espace professionnel&nbsp;\u00bb et de vous identifier.<\/p>\n\n\n\n<p>Si vous n&#8217;avez pas encore d&#8217;espace professionnel, utilisez votre identifiant (SIREN) pour le cr\u00e9er. Cliquez sur \u00ab&nbsp;Votre espace professionnel&nbsp;\u00bb et choisissez le mode simplifi\u00e9. Votre code activation vous sera envoy\u00e9 par courrier.<\/p>\n\n\n\n<p>Une fois votre espace professionnel cr\u00e9\u00e9, vous pouvez y consulter votre avis de taxes fonci\u00e8res en s\u00e9lectionnant la rubrique \u00ab&nbsp;MES SERVICES&nbsp;\u00bb &gt;Consulter&gt;Compte fiscal, menu \u00ab&nbsp;Acc\u00e8s par imp\u00f4t&nbsp;\u00bb, choix \u00ab&nbsp;Taxe fonci\u00e8re&nbsp;\u00bb puis \u00ab&nbsp;Avis d&#8217;imposition&nbsp;\u00bb.<\/p>\n\n\n\n<h2 class=\"wp-block-heading\">Comment payer ?<\/h2>\n\n\n\n<h4 class=\"wp-block-heading\">\u2014<\/h4>\n\n\n\n<p>Payez en toute s\u00e9curit\u00e9 en cliquant directement sur le bouton payer appos\u00e9 dans la colonne \u00ab&nbsp;Paiement&nbsp;\u00bb du tableau r\u00e9capitulatif de vos impositions de taxes fonci\u00e8res. Vous b\u00e9n\u00e9ficiez alors d&#8217;un d\u00e9lai suppl\u00e9mentaire de 5&nbsp;jours apr\u00e8s la date limite de paiement et la somme est pr\u00e9lev\u00e9e sur votre compte bancaire au moins 10&nbsp;jours apr\u00e8s cette m\u00eame date.<\/p>\n\n\n\n<p>Vous pouvez \u00e9galement utiliser les autres modes de paiement d\u00e9crits dans la notice de votre avis d&#8217;imposition (rubrique \u00ab&nbsp;Comment payer votre imp\u00f4t&nbsp;\u00bb) ou sur ce site, dans la rubrique \u00ab&nbsp;Particulier&gt;Payer mes imp\u00f4ts, taxes et amendes&gt;je paye mes autres imp\u00f4ts&nbsp;\u00bb.<\/p>\n\n\n\n<p><em>&#8211; Sources Impots.gouv.fr<\/em><\/p>\n","protected":false},"excerpt":{"rendered":"<p>Les taxes fonci\u00e8res sur les propri\u00e9t\u00e9s b\u00e2ties et les propri\u00e9t\u00e9s non b\u00e2ties sont dues par les propri\u00e9taires ou usufruitiers (particulier, entreprise ou autre personne morale) des immeubles situ\u00e9s en France, \u00e0 l&#8217;exception de ceux qui sont express\u00e9ment exon\u00e9r\u00e9s. L&#8217;imposition est \u00e9tablie dans la commune de situation du bien imposable (art.1399 du CGI). Comment d\u00e9clarer ? &#8230; <a title=\"Taxes fonci\u00e8res des Entreprises\" class=\"read-more\" href=\"https:\/\/www.feodus-finance.fr\/defiscalisation\/taxe-fonciere\/\" aria-label=\"En savoir plus sur Taxes fonci\u00e8res des Entreprises\">Lire plus<\/a><\/p>\n","protected":false},"author":4,"featured_media":1976,"parent":1955,"menu_order":0,"comment_status":"closed","ping_status":"closed","template":"","meta":{"footnotes":""},"class_list":["post-1973","page","type-page","status-publish","has-post-thumbnail"],"yoast_head":"<!-- This site is optimized with the Yoast SEO plugin v24.6 - https:\/\/yoast.com\/wordpress\/plugins\/seo\/ -->\n<title>Taxes fonci\u00e8res des Entreprises \u25b7 Guide complet<\/title>\n<meta name=\"description\" content=\"Les taxes fonci\u00e8res sur les propri\u00e9t\u00e9s b\u00e2ties et les propri\u00e9t\u00e9s non b\u00e2ties sont dues par les propri\u00e9taires ou usufruitiers (particulier, entreprise ou\u2026\" \/>\n<meta name=\"robots\" content=\"index, follow, max-snippet:-1, max-image-preview:large, max-video-preview:-1\" \/>\n<link rel=\"canonical\" href=\"https:\/\/www.feodus-finance.fr\/defiscalisation\/taxe-fonciere\/\" \/>\n<meta property=\"og:locale\" content=\"fr_FR\" \/>\n<meta property=\"og:type\" content=\"article\" \/>\n<meta property=\"og:title\" content=\"Taxes fonci\u00e8res des Entreprises \u25b7 Guide complet\" \/>\n<meta property=\"og:description\" content=\"Les taxes fonci\u00e8res sur les propri\u00e9t\u00e9s b\u00e2ties et les propri\u00e9t\u00e9s non b\u00e2ties sont dues par les propri\u00e9taires ou usufruitiers (particulier, entreprise ou\u2026\" \/>\n<meta property=\"og:url\" content=\"https:\/\/www.feodus-finance.fr\/defiscalisation\/taxe-fonciere\/\" \/>\n<meta property=\"og:site_name\" content=\"Feodus\" \/>\n<meta property=\"article:modified_time\" content=\"2023-11-25T14:39:48+00:00\" \/>\n<meta property=\"og:image\" content=\"https:\/\/www.feodus-finance.fr\/defiscalisation\/wp-content\/uploads\/2023\/11\/9755.jpeg\" \/>\n\t<meta property=\"og:image:width\" content=\"920\" \/>\n\t<meta property=\"og:image:height\" content=\"613\" \/>\n\t<meta property=\"og:image:type\" content=\"image\/jpeg\" \/>\n<meta name=\"twitter:card\" content=\"summary_large_image\" \/>\n<!-- \/ Yoast SEO plugin. -->","yoast_head_json":{"title":"Taxes fonci\u00e8res des Entreprises \u25b7 Guide complet","description":"Les taxes fonci\u00e8res sur les propri\u00e9t\u00e9s b\u00e2ties et les propri\u00e9t\u00e9s non b\u00e2ties sont dues par les propri\u00e9taires ou usufruitiers (particulier, entreprise ou\u2026","robots":{"index":"index","follow":"follow","max-snippet":"max-snippet:-1","max-image-preview":"max-image-preview:large","max-video-preview":"max-video-preview:-1"},"canonical":"https:\/\/www.feodus-finance.fr\/defiscalisation\/taxe-fonciere\/","og_locale":"fr_FR","og_type":"article","og_title":"Taxes fonci\u00e8res des Entreprises \u25b7 Guide complet","og_description":"Les taxes fonci\u00e8res sur les propri\u00e9t\u00e9s b\u00e2ties et les propri\u00e9t\u00e9s non b\u00e2ties sont dues par les propri\u00e9taires ou usufruitiers (particulier, entreprise ou\u2026","og_url":"https:\/\/www.feodus-finance.fr\/defiscalisation\/taxe-fonciere\/","og_site_name":"Feodus","article_modified_time":"2023-11-25T14:39:48+00:00","og_image":[{"width":920,"height":613,"url":"https:\/\/www.feodus-finance.fr\/defiscalisation\/wp-content\/uploads\/2023\/11\/9755.jpeg","type":"image\/jpeg"}],"twitter_card":"summary_large_image","schema":{"@context":"https:\/\/schema.org","@graph":[{"@type":"WebPage","@id":"https:\/\/www.feodus-finance.fr\/defiscalisation\/taxe-fonciere\/","url":"https:\/\/www.feodus-finance.fr\/defiscalisation\/taxe-fonciere\/","name":"Taxes fonci\u00e8res des Entreprises \u25b7 Guide complet","isPartOf":{"@id":"https:\/\/www.feodus-finance.fr\/defiscalisation\/#website"},"primaryImageOfPage":{"@id":"https:\/\/www.feodus-finance.fr\/defiscalisation\/taxe-fonciere\/#primaryimage"},"image":{"@id":"https:\/\/www.feodus-finance.fr\/defiscalisation\/taxe-fonciere\/#primaryimage"},"thumbnailUrl":"https:\/\/www.feodus-finance.fr\/defiscalisation\/wp-content\/uploads\/2023\/11\/9755.jpeg","datePublished":"2023-11-21T12:42:28+00:00","dateModified":"2023-11-25T14:39:48+00:00","description":"Les taxes fonci\u00e8res sur les propri\u00e9t\u00e9s b\u00e2ties et les propri\u00e9t\u00e9s non b\u00e2ties sont dues par les propri\u00e9taires ou usufruitiers (particulier, entreprise ou\u2026","breadcrumb":{"@id":"https:\/\/www.feodus-finance.fr\/defiscalisation\/taxe-fonciere\/#breadcrumb"},"inLanguage":"fr-FR","potentialAction":[{"@type":"ReadAction","target":["https:\/\/www.feodus-finance.fr\/defiscalisation\/taxe-fonciere\/"]}]},{"@type":"ImageObject","inLanguage":"fr-FR","@id":"https:\/\/www.feodus-finance.fr\/defiscalisation\/taxe-fonciere\/#primaryimage","url":"https:\/\/www.feodus-finance.fr\/defiscalisation\/wp-content\/uploads\/2023\/11\/9755.jpeg","contentUrl":"https:\/\/www.feodus-finance.fr\/defiscalisation\/wp-content\/uploads\/2023\/11\/9755.jpeg","width":920,"height":613,"caption":"Cumul emploi retraite"},{"@type":"BreadcrumbList","@id":"https:\/\/www.feodus-finance.fr\/defiscalisation\/taxe-fonciere\/#breadcrumb","itemListElement":[{"@type":"ListItem","position":1,"name":"Accueil","item":"https:\/\/www.feodus-finance.fr\/defiscalisation\/"},{"@type":"ListItem","position":2,"name":"Entreprise","item":"https:\/\/www.feodus-finance.fr\/defiscalisation\/entreprise\/"},{"@type":"ListItem","position":3,"name":"Imposition","item":"https:\/\/www.feodus-finance.fr\/defiscalisation\/imposition\/"},{"@type":"ListItem","position":4,"name":"Taxes fonci\u00e8res des Entreprises"}]},{"@type":"WebSite","@id":"https:\/\/www.feodus-finance.fr\/defiscalisation\/#website","url":"https:\/\/www.feodus-finance.fr\/defiscalisation\/","name":"Feodus","description":"","publisher":{"@id":"https:\/\/www.feodus-finance.fr\/defiscalisation\/#organization"},"potentialAction":[{"@type":"SearchAction","target":{"@type":"EntryPoint","urlTemplate":"https:\/\/www.feodus-finance.fr\/defiscalisation\/?s={search_term_string}"},"query-input":{"@type":"PropertyValueSpecification","valueRequired":true,"valueName":"search_term_string"}}],"inLanguage":"fr-FR"},{"@type":"Organization","@id":"https:\/\/www.feodus-finance.fr\/defiscalisation\/#organization","name":"Feodus","url":"https:\/\/www.feodus-finance.fr\/defiscalisation\/","logo":{"@type":"ImageObject","inLanguage":"fr-FR","@id":"https:\/\/www.feodus-finance.fr\/defiscalisation\/#\/schema\/logo\/image\/","url":"https:\/\/www.feodus-finance.fr\/defiscalisation\/wp-content\/uploads\/2023\/11\/cropped-logo-footer.jpg","contentUrl":"https:\/\/www.feodus-finance.fr\/defiscalisation\/wp-content\/uploads\/2023\/11\/cropped-logo-footer.jpg","width":249,"height":73,"caption":"Feodus"},"image":{"@id":"https:\/\/www.feodus-finance.fr\/defiscalisation\/#\/schema\/logo\/image\/"}}]}},"_links":{"self":[{"href":"https:\/\/www.feodus-finance.fr\/defiscalisation\/wp-json\/wp\/v2\/pages\/1973","targetHints":{"allow":["GET"]}}],"collection":[{"href":"https:\/\/www.feodus-finance.fr\/defiscalisation\/wp-json\/wp\/v2\/pages"}],"about":[{"href":"https:\/\/www.feodus-finance.fr\/defiscalisation\/wp-json\/wp\/v2\/types\/page"}],"author":[{"embeddable":true,"href":"https:\/\/www.feodus-finance.fr\/defiscalisation\/wp-json\/wp\/v2\/users\/4"}],"replies":[{"embeddable":true,"href":"https:\/\/www.feodus-finance.fr\/defiscalisation\/wp-json\/wp\/v2\/comments?post=1973"}],"version-history":[{"count":2,"href":"https:\/\/www.feodus-finance.fr\/defiscalisation\/wp-json\/wp\/v2\/pages\/1973\/revisions"}],"predecessor-version":[{"id":1975,"href":"https:\/\/www.feodus-finance.fr\/defiscalisation\/wp-json\/wp\/v2\/pages\/1973\/revisions\/1975"}],"up":[{"embeddable":true,"href":"https:\/\/www.feodus-finance.fr\/defiscalisation\/wp-json\/wp\/v2\/pages\/1955"}],"wp:featuredmedia":[{"embeddable":true,"href":"https:\/\/www.feodus-finance.fr\/defiscalisation\/wp-json\/wp\/v2\/media\/1976"}],"wp:attachment":[{"href":"https:\/\/www.feodus-finance.fr\/defiscalisation\/wp-json\/wp\/v2\/media?parent=1973"}],"curies":[{"name":"wp","href":"https:\/\/api.w.org\/{rel}","templated":true}]}}