{"id":2946,"date":"2023-09-11T18:45:00","date_gmt":"2023-09-11T16:45:00","guid":{"rendered":"https:\/\/www.feodus-finance.fr\/defiscalisation\/?page_id=2946"},"modified":"2024-02-14T18:46:28","modified_gmt":"2024-02-14T17:46:28","slug":"retraite-salarie-decote","status":"publish","type":"page","link":"https:\/\/www.feodus-finance.fr\/defiscalisation\/retraite-salarie-decote\/","title":{"rendered":"Retraite du salari\u00e9 : qu&#8217;est-ce que la d\u00e9cote ?"},"content":{"rendered":"\n<div style=\"height:42px\" aria-hidden=\"true\" class=\"wp-block-spacer\"><\/div>\n\n\n\n<p class=\"has-medium-font-size\">La d\u00e9cote est une\u00a0<strong>r\u00e9duction<\/strong>\u00a0qui est appliqu\u00e9e au\u00a0<strong>montant de votre pension de retraite<\/strong>\u00a0lorsque vous partez en retraite\u00a0<strong>sans avoir droit<\/strong>\u00a0\u00e0 une retraite\u00a0<strong>\u00e0 taux plein<\/strong>.<\/p>\n\n\n\n<div style=\"height:41px\" aria-hidden=\"true\" class=\"wp-block-spacer\"><\/div>\n\n\n\n<h2 class=\"wp-block-heading\">Qu&#8217;est-ce qu&#8217;une retraite \u00e0 taux plein ?<\/h2>\n\n\n\n<p>Pour comprendre ce qu&#8217;est une retraite \u00e0 taux plein, sachez qu&#8217;en tant que salari\u00e9 du secteur priv\u00e9 et lorsque vous partez \u00e0 la retraite, vous avez droit\u00a0:<\/p>\n\n\n\n<ul class=\"wp-block-list\">\n<li>\u00c0 une pension de retraite de la part de l&#8217;Assurance retraite de la S\u00e9curit\u00e9 sociale (dite\u00a0<strong>retraite de base<\/strong>)<\/li>\n\n\n\n<li>Et \u00e0 une pension de l&#8217;Agirc-Arrco (dite\u00a0<strong>retraite compl\u00e9mentaire<\/strong>).<\/li>\n<\/ul>\n\n\n\n<p class=\"has-base-3-color has-accent-background-color has-text-color has-background has-link-color wp-elements-c0ac3bec1e9094b4b82835b16e37f70f\"><em>Agirc-Arrco\u00a0:\u00a0Association g\u00e9n\u00e9rale des institutions de retraite des cadres &#8211; Association pour le r\u00e9gime de retraite compl\u00e9mentaire des salari\u00e9s\u00a0<\/em><\/p>\n\n\n\n<p>Votre pension de retraite de base de l&#8217;Assurance retraite vous est accord\u00e9e \u00e0 taux plein principalement dans l&#8217;un des 2&nbsp;cas suivants&nbsp;:<\/p>\n\n\n\n<ul class=\"wp-block-list\">\n<li>Vous partez \u00e0 la retraite&nbsp;<strong>avant 67&nbsp;ans<\/strong>&nbsp;en ayant un&nbsp;<strong>nombre suffisant de trimestres<\/strong>&nbsp;d&#8217;assurance retraite (ce nombre varie selon votre date de naissance)<\/li>\n\n\n\n<li>Vous partez \u00e0 la retraite&nbsp;<strong>\u00e0 67&nbsp;ans<\/strong>, quel que soit votre nombre de trimestres d&#8217;assurance retraite<\/li>\n<\/ul>\n\n\n\n<p class=\"has-base-2-background-color has-background\"><strong>Nota<\/strong> : si vous avez travaill\u00e9 sous d&#8217;autres statuts que salari\u00e9 (agent public, ind\u00e9pendant, etc.) et que vous avez en cons\u00e9quence cotis\u00e9 \u00e0 plusieurs caisses de retraite, c&#8217;est votre\u00a0<strong>dur\u00e9e d&#8217;assurance totale, tous r\u00e9gimes confondus<\/strong>, qui est prise en compte pour d\u00e9terminer si vous avez droit ou non \u00e0 des pensions de retraite \u00e0 taux plein.<\/p>\n\n\n\n<p><strong>Si vous partez \u00e0 la retraite avant 67&nbsp;ans<\/strong>, vous avez droit \u00e0 une retraite \u00e0 taux plein si vous remplissez les conditions suivantes&nbsp;:<\/p>\n\n\n\n<figure class=\"wp-block-table\"><table class=\"has-base-3-color has-accent-background-color has-text-color has-background has-link-color\"><thead><tr><th class=\"has-text-align-center\" data-align=\"center\">Vous \u00eates n\u00e9&nbsp;:<\/th><th class=\"has-text-align-center\" data-align=\"center\">Vous pouvez partir en retraite \u00e0 partir de&nbsp;:<\/th><th class=\"has-text-align-center\" data-align=\"center\">Nombre de trimestres exig\u00e9 pour avoir le taux plein<\/th><\/tr><\/thead><tbody><tr><td class=\"has-text-align-center\" data-align=\"center\">En 1956 ou 1957<\/td><td class=\"has-text-align-center\" data-align=\"center\">62 ans<\/td><td class=\"has-text-align-center\" data-align=\"center\">166 (41 ans 6 mois)<\/td><\/tr><tr><td class=\"has-text-align-center\" data-align=\"center\">Entre le 1<sup>er<\/sup>&nbsp;janvier 1958 et le 31 d\u00e9cembre 1960<\/td><td class=\"has-text-align-center\" data-align=\"center\">62 ans<\/td><td class=\"has-text-align-center\" data-align=\"center\">167 (41 ans 9 mois)<\/td><\/tr><tr><td class=\"has-text-align-center\" data-align=\"center\">Entre le 1<sup>er<\/sup>&nbsp;janvier 1961 et le 31 aout 1961<\/td><td class=\"has-text-align-center\" data-align=\"center\">62 ans<\/td><td class=\"has-text-align-center\" data-align=\"center\">168 (42 ans)<\/td><\/tr><tr><td class=\"has-text-align-center\" data-align=\"center\">Entre le 1<sup>er&nbsp;<\/sup>septembre 1961 et le 31 d\u00e9cembre 1961<\/td><td class=\"has-text-align-center\" data-align=\"center\">62 ans et 3 mois<\/td><td class=\"has-text-align-center\" data-align=\"center\">169 (42 ans 3 mois)<\/td><\/tr><tr><td class=\"has-text-align-center\" data-align=\"center\">1962<\/td><td class=\"has-text-align-center\" data-align=\"center\">62 ans et 6 mois<\/td><td class=\"has-text-align-center\" data-align=\"center\">169 (42 ans 3 mois)<\/td><\/tr><tr><td class=\"has-text-align-center\" data-align=\"center\">1963<\/td><td class=\"has-text-align-center\" data-align=\"center\">62 ans et 9 mois<\/td><td class=\"has-text-align-center\" data-align=\"center\">170 (42 ans 6 mois)<\/td><\/tr><tr><td class=\"has-text-align-center\" data-align=\"center\">1964<\/td><td class=\"has-text-align-center\" data-align=\"center\">63 ans<\/td><td class=\"has-text-align-center\" data-align=\"center\">171 (42 ans 9 mois)<\/td><\/tr><tr><td class=\"has-text-align-center\" data-align=\"center\">1965<\/td><td class=\"has-text-align-center\" data-align=\"center\">63 ans et 3 mois<\/td><td class=\"has-text-align-center\" data-align=\"center\">172 (43 ans)<\/td><\/tr><tr><td class=\"has-text-align-center\" data-align=\"center\">1966<\/td><td class=\"has-text-align-center\" data-align=\"center\">63 ans et 6 mois<\/td><td class=\"has-text-align-center\" data-align=\"center\">172 (43 ans)<\/td><\/tr><tr><td class=\"has-text-align-center\" data-align=\"center\">1967<\/td><td class=\"has-text-align-center\" data-align=\"center\">63 ans et 9 mois<\/td><td class=\"has-text-align-center\" data-align=\"center\">172 (43 ans)<\/td><\/tr><tr><td class=\"has-text-align-center\" data-align=\"center\">\u00c0 partir du 1<sup>er<\/sup>&nbsp;janvier 1968<\/td><td class=\"has-text-align-center\" data-align=\"center\">64 ans<\/td><td class=\"has-text-align-center\" data-align=\"center\">172 (43 ans)<\/td><\/tr><\/tbody><\/table><\/figure>\n\n\n\n<p>Si vous partez \u00e0 la retraite avant 67&nbsp;ans sans avoir le nombre de trimestres exig\u00e9, vous n&#8217;avez pas droit \u00e0 une retraite \u00e0 taux plein.<\/p>\n\n\n\n<p>Dans ce cas, le <strong>montant de votre pension de retraite est r\u00e9duit en fonction du nombre de trimestres qui vous manquent<\/strong>.<\/p>\n\n\n\n<p><strong>Cette r\u00e9duction est appel\u00e9e la\u00a0d\u00e9cote.<\/strong><\/p>\n\n\n\n<p>Si vous partez \u00e0 la retraite \u00e0 67&nbsp;ans, vous avez droit \u00e0 une retraite \u00e0 taux plein, quel que soit votre nombre de trimestres d&#8217;assurance retraite.<\/p>\n\n\n\n<p>Votre pension est calcul\u00e9e en fonction du nombre de trimestres que vous avez, quel qu&#8217;il soit.<\/p>\n\n\n\n<p>Si vous avez moins de trimestres qu&#8217;il n&#8217;en faut pour avoir droit \u00e0 une retraite \u00e0 taux plein avant 67&nbsp;ans, aucune d\u00e9cote ne vous est appliqu\u00e9e.<\/p>\n\n\n\n<p class=\"has-base-2-background-color has-background\"><strong>Nota<\/strong> : vous pouvez avoir droit \u00e0 une retraite de base de l&#8217;Assurance retraite \u00e0 taux plein, sans d\u00e9cote, avant 67\u00a0ans dans certaines\u00a0<strong>situations particuli\u00e8res<\/strong>\u00a0(pour carri\u00e8re longue, handicap, invalidit\u00e9, etc.). Le montant de votre\u00a0<strong>retraite compl\u00e9mentaire de l&#8217;Agirc-Arrco<\/strong>\u00a0peut aussi \u00eatre r\u00e9duit ou major\u00e9 selon votre \u00e2ge de d\u00e9part.<\/p>\n\n\n\n<div style=\"height:44px\" aria-hidden=\"true\" class=\"wp-block-spacer\"><\/div>\n\n\n\n<h2 class=\"wp-block-heading\">Comment est calcul\u00e9 le nombre de trimestres manquants ?<\/h2>\n\n\n\n<p>Le nombre de trimestres manquant retenu par l&#8217;Assurance retraite est le&nbsp;<strong>plus petit<\/strong>&nbsp;des 2&nbsp;nombres suivants&nbsp;:<\/p>\n\n\n\n<ul class=\"wp-block-list\">\n<li>Nombre de trimestres manquants entre votre \u00e2ge \u00e0 la date de votre d\u00e9part \u00e0 la retraite et vos 67&nbsp;ans<\/li>\n\n\n\n<li>Nombre de trimestres manquants entre votre nombre de trimestres \u00e0 la date de votre d\u00e9part \u00e0 la retraite et le nombre de trimestres exig\u00e9 pour avoir droit \u00e0 une retraite \u00e0 taux plein<\/li>\n<\/ul>\n\n\n\n<p>Le nombre de trimestres obtenu est arrondi au chiffre sup\u00e9rieur.<\/p>\n\n\n\n<p>Le nombre maximum de trimestres manquant pris en compte est limit\u00e9 \u00e0\u00a020.<\/p>\n\n\n<div class=\"gb-container gb-container-623e044b\">\n<div class=\"gb-container gb-container-1271aa7a\">\n\n<p><\/p>\n\n<\/div>\n<\/div>\n\n\n<p><strong>Exemple\u00a0:<\/strong><\/p>\n\n\n\n<p>Vous \u00eates n\u00e9 le 1<sup>er<\/sup>&nbsp;juillet&nbsp;1962. Vous pouvez partir \u00e0 la retraite \u00e0 partir de 62&nbsp;ans et 6&nbsp;mois. Pour avoir droit \u00e0 une retraite \u00e0 taux plein, vous devez soit avoir 169&nbsp;trimestres, soit attendre vos 67&nbsp;ans (au 1<sup>er<\/sup>&nbsp;juillet&nbsp;2029).<\/p>\n\n\n\n<p>Si vous d\u00e9cidez de partir d\u00e8s le 1<sup>er<\/sup>&nbsp;juillet&nbsp;2025, \u00e0 63&nbsp;ans, en ayant seulement 161&nbsp;trimestres&nbsp;:<\/p>\n\n\n\n<ul class=\"wp-block-list\">\n<li>Il vous manquera 16&nbsp;trimestres entre votre \u00e2ge \u00e0 la date de votre d\u00e9part \u00e0 la retraite et vos 67&nbsp;ans (nombre de trimestres entre 67&nbsp;ans et 63&nbsp;ans)<\/li>\n\n\n\n<li>Il vous manquera 8&nbsp;trimestres entre votre nombre de trimestres \u00e0 la date de votre d\u00e9part \u00e0 la retraite et le nombre de trimestres exig\u00e9 pour avoir droit \u00e0 une retraite \u00e0 taux plein (169&nbsp;&#8211;&nbsp;161)<\/li>\n<\/ul>\n\n\n\n<p>C&#8217;est le nombre le plus avantageux qui sera retenu, soit 8&nbsp;trimestres.<\/p>\n\n\n\n<div style=\"height:18px\" aria-hidden=\"true\" class=\"wp-block-spacer\"><\/div>\n\n\n\n<h2 class=\"wp-block-heading\">Comment est calcul\u00e9e la d\u00e9cote ?<\/h2>\n\n\n\n<p>Le montant de votre pension de retraite de base de l&#8217;Assurance retraite d\u00e9pend notamment de la <strong>moyenne de vos salaires bruts de vos 25\u00a0meilleures ann\u00e9es.<\/strong><\/p>\n\n\n\n<p>Lorsque vous avez droit \u00e0 une retraite \u00e0 taux plein, votre pension de retraite est calcul\u00e9e sur la base de&nbsp;<strong>50&nbsp;%<\/strong>&nbsp; de ce salaire brut annuel moyen.<\/p>\n\n\n\n<p>En revanche, si vous partez \u00e0 la retraite avant 67&nbsp;ans sans avoir le nombre de trimestres d&#8217;assurance retraite exig\u00e9, ce taux de&nbsp;<strong>50&nbsp;%<\/strong>&nbsp;est r\u00e9duit de&nbsp;0,625 par trimestre manquant.<\/p>\n\n\n\n<p>Donc, si vous partez \u00e0 la retraite avant 67&nbsp;ans sans avoir le nombre de trimestres d&#8217;assurance retraite exig\u00e9, le taux qui est appliqu\u00e9 \u00e0 votre salaire annuel brut moyen, appel\u00e9 d\u00e9cote, est le suivant&nbsp;:<\/p>\n\n\n\n<figure class=\"wp-block-table\"><table class=\"has-base-3-color has-accent-background-color has-text-color has-background has-link-color\"><thead><tr><th class=\"has-text-align-center\" data-align=\"center\">Nombre de trimestres manquants<\/th><th class=\"has-text-align-center\" data-align=\"center\">Taux de la retraite<\/th><\/tr><\/thead><tbody><tr><td class=\"has-text-align-center\" data-align=\"center\">1<\/td><td class=\"has-text-align-center\" data-align=\"center\"><strong>49,375&nbsp;%<\/strong><\/td><\/tr><tr><td class=\"has-text-align-center\" data-align=\"center\">2<\/td><td class=\"has-text-align-center\" data-align=\"center\"><strong>48,750&nbsp;%<\/strong><\/td><\/tr><tr><td class=\"has-text-align-center\" data-align=\"center\">3<\/td><td class=\"has-text-align-center\" data-align=\"center\"><strong>48,125&nbsp;%<\/strong><\/td><\/tr><tr><td class=\"has-text-align-center\" data-align=\"center\">4<\/td><td class=\"has-text-align-center\" data-align=\"center\"><strong>47,500&nbsp;%<\/strong><\/td><\/tr><tr><td class=\"has-text-align-center\" data-align=\"center\">5<\/td><td class=\"has-text-align-center\" data-align=\"center\"><strong>46,875&nbsp;%<\/strong><\/td><\/tr><tr><td class=\"has-text-align-center\" data-align=\"center\">6<\/td><td class=\"has-text-align-center\" data-align=\"center\"><strong>46,250&nbsp;%<\/strong><\/td><\/tr><tr><td class=\"has-text-align-center\" data-align=\"center\">7<\/td><td class=\"has-text-align-center\" data-align=\"center\"><strong>45,625&nbsp;%<\/strong><\/td><\/tr><tr><td class=\"has-text-align-center\" data-align=\"center\">8<\/td><td class=\"has-text-align-center\" data-align=\"center\"><strong>45,000&nbsp;%<\/strong><\/td><\/tr><tr><td class=\"has-text-align-center\" data-align=\"center\">9<\/td><td class=\"has-text-align-center\" data-align=\"center\"><strong>44,375&nbsp;%<\/strong><\/td><\/tr><tr><td class=\"has-text-align-center\" data-align=\"center\">10<\/td><td class=\"has-text-align-center\" data-align=\"center\"><strong>43,750&nbsp;%<\/strong><\/td><\/tr><tr><td class=\"has-text-align-center\" data-align=\"center\">11<\/td><td class=\"has-text-align-center\" data-align=\"center\"><strong>43,125&nbsp;%<\/strong><\/td><\/tr><tr><td class=\"has-text-align-center\" data-align=\"center\">12<\/td><td class=\"has-text-align-center\" data-align=\"center\"><strong>42,500&nbsp;%<\/strong><\/td><\/tr><tr><td class=\"has-text-align-center\" data-align=\"center\">13<\/td><td class=\"has-text-align-center\" data-align=\"center\"><strong>41,875&nbsp;%<\/strong><\/td><\/tr><tr><td class=\"has-text-align-center\" data-align=\"center\">14<\/td><td class=\"has-text-align-center\" data-align=\"center\"><strong>41,250&nbsp;%<\/strong><\/td><\/tr><tr><td class=\"has-text-align-center\" data-align=\"center\">15<\/td><td class=\"has-text-align-center\" data-align=\"center\"><strong>40,625&nbsp;%<\/strong><\/td><\/tr><tr><td class=\"has-text-align-center\" data-align=\"center\">16<\/td><td class=\"has-text-align-center\" data-align=\"center\"><strong>40,000&nbsp;%<\/strong><\/td><\/tr><tr><td class=\"has-text-align-center\" data-align=\"center\">17<\/td><td class=\"has-text-align-center\" data-align=\"center\"><strong>39,375&nbsp;%<\/strong><\/td><\/tr><tr><td class=\"has-text-align-center\" data-align=\"center\">18<\/td><td class=\"has-text-align-center\" data-align=\"center\"><strong>38,750&nbsp;%<\/strong><\/td><\/tr><tr><td class=\"has-text-align-center\" data-align=\"center\">19<\/td><td class=\"has-text-align-center\" data-align=\"center\"><strong>38,125&nbsp;%<\/strong><\/td><\/tr><tr><td class=\"has-text-align-center\" data-align=\"center\">20 et plus<\/td><td class=\"has-text-align-center\" data-align=\"center\"><strong>37,500&nbsp;%<\/strong><\/td><\/tr><\/tbody><\/table><\/figure>\n\n\n\n<p><strong>Exemple\u00a0:<\/strong><\/p>\n\n\n\n<p>Reprenons l&#8217;exemple pr\u00e9c\u00e9dent&nbsp;: vous \u00eates n\u00e9 le 1<sup>er<\/sup>&nbsp;juillet&nbsp;1962. Vous d\u00e9cidez de partir \u00e0 la retraite \u00e0 63&nbsp;ans le 1<sup>er<\/sup>&nbsp;juillet&nbsp;2025 en ayant seulement 161&nbsp;trimestres au lieu des 169&nbsp;requis pour avoir droit \u00e0 une retraite \u00e0 taux plein. Le nombre de trimestres manquant retenu est&nbsp;8.<\/p>\n\n\n\n<p>Votre pension sera \u00e9gale \u00e0&nbsp;: Salaire annuel brut moyen&nbsp;x&nbsp;<strong>45&nbsp;%<\/strong>&nbsp;x&nbsp;161&nbsp;\/&nbsp;169<\/p>\n\n\n\n<div style=\"height:27px\" aria-hidden=\"true\" class=\"wp-block-spacer\"><\/div>\n\n\n\n<h2 class=\"wp-block-heading\">Comment conna\u00eetre votre nombre de trimestres et le montant de votre future retraite ?<\/h2>\n\n\n\n<p>Vous pouvez savoir combien de trimestres d&#8217;assurance retraite vous avez en consultant votre&nbsp;<strong>relev\u00e9 de carri\u00e8re<\/strong>&nbsp;dans votre compte retraite, disponible sur le site officiel Info retraite.<\/p>\n\n\n\n<p>Votre relev\u00e9 de carri\u00e8re r\u00e9capitule, de mani\u00e8re chronologique, l&#8217;ensemble de vos diff\u00e9rentes p\u00e9riodes professionnelles.<\/p>\n\n\n\n<p>Vous pouvez&nbsp;<strong>imprimer<\/strong>&nbsp;et&nbsp;<strong>t\u00e9l\u00e9charger<\/strong>&nbsp;votre relev\u00e9 de carri\u00e8re.<\/p>\n\n\n\n<p>Vous pouvez \u00e9galement effectuer une\u00a0<strong>simulation<\/strong>\u00a0du montant de votre retraite \u00e0 diff\u00e9rents \u00e2ges, \u00e0 taux plein ou non, \u00e0 partir des donn\u00e9es connues de vos caisses de retraite.<\/p>\n\n\n\n<p class=\"has-base-2-background-color has-background has-medium-font-size\"><strong>Groupement d&#8217;int\u00e9r\u00eat public &#8220;Union retraite&#8221;<\/strong><\/p>\n\n\n\n<p class=\"has-accent-color has-base-2-background-color has-text-color has-background has-link-color wp-elements-b092ba66d13128a2c6b545cacd038549\"><strong>www.info-retraite.fr\/portail-services\/login<\/strong><\/p>\n\n\n\n<p>Ce service vous permet,\u00a0<strong>quelle que soit votre situation professionnelle<\/strong>\u00a0(salari\u00e9, fonctionnaire, ind\u00e9pendant, ch\u00f4meur\u00a0&#8230;), d&#8217;ouvrir un compte personnel retraite. Ce compte vous permet d&#8217;acc\u00e9der, en toute s\u00e9curit\u00e9, \u00e0 des\u00a0<strong>informations et des services personnalis\u00e9s<\/strong>\u00a0: simulateurs d&#8217;\u00e2ge de d\u00e9part et de montant, correction de carri\u00e8re, demande de retraite, etc.<\/p>\n\n\n\n<p><strong>Si vous \u00eates en activit\u00e9<\/strong>, votre compte retraite vous donne acc\u00e8s&nbsp;:<\/p>\n\n\n\n<ul class=\"wp-block-list\">\n<li>\u00c0 votre relev\u00e9 de carri\u00e8re dont vous pouvez demander la correction \u00e0 partir de 55&nbsp;ans<\/li>\n\n\n\n<li>Aux coordonn\u00e9es de vos caisses de retraite<\/li>\n\n\n\n<li>\u00c0 une brochure personnalis\u00e9e comportant les informations utiles sur vos droits \u00e0 la retraite selon votre parcours professionnel et votre situation personnelle<\/li>\n\n\n\n<li>Aux simulations et estimations retraite disponibles selon votre \u00e2ge<\/li>\n\n\n\n<li>\u00c0 un service d\u2019information vous permettant de savoir si vous b\u00e9n\u00e9ficiez de contrats \u00e9pargne retraite<\/li>\n<\/ul>\n\n\n\n<p>Vous pouvez aussi faire&nbsp;<strong>une demande unique de retraite en ligne pour toutes vos activit\u00e9s<\/strong>&nbsp;sur le service Demander ma retraite.<\/p>\n\n\n\n<p><strong>Si vous \u00eates retrait\u00e9<\/strong>, vous pouvez consulter les informations sur le paiement de votre retraite (historique de paiement, attestations de paiement, attestations fiscales) et acc\u00e9der \u00e0 la liste de vos contrats d\u2019\u00e9pargne retraite suppl\u00e9mentaire non sold\u00e9s.<\/p>\n\n\n\n<p><strong>Si vous \u00eates retrait\u00e9 \u00e0 l&#8217;\u00e9tranger<\/strong>, vous pouvez, avec le service\u00a0<em>Ma retraite \u00e0 l&#8217;\u00e9tranger<\/em>\u00a0sur votre compte retraite, recevoir et envoyer en ligne les documents indispensables au maintien du paiement de votre retraite.<\/p>\n\n\n\n<p>\u00c0 partir de 55&nbsp;ans, vous pouvez signaler \u00e0 vos caisses de retraite les anomalies de votre relev\u00e9 de carri\u00e8re et en demander la correction&nbsp;: emploi manquant, incoh\u00e9rence, etc.<\/p>\n\n\n\n<p>Vos caisses de retraite en sont directement inform\u00e9es.<\/p>\n\n\n\n<p>Vous pouvez ensuite suivre leur traitement sur votre compte retraite\u00a0:<\/p>\n\n\n\n<p class=\"has-accent-color has-base-2-background-color has-text-color has-background has-link-color wp-elements-b092ba66d13128a2c6b545cacd038549\"><strong>www.info-retraite.fr\/portail-services\/login<\/strong><\/p>\n","protected":false},"excerpt":{"rendered":"<p>La d\u00e9cote est une\u00a0r\u00e9duction\u00a0qui est appliqu\u00e9e au\u00a0montant de votre pension de retraite\u00a0lorsque vous partez en retraite\u00a0sans avoir droit\u00a0\u00e0 une retraite\u00a0\u00e0 taux plein. Qu&#8217;est-ce qu&#8217;une retraite \u00e0 taux plein ? Pour comprendre ce qu&#8217;est une retraite \u00e0 taux plein, sachez qu&#8217;en tant que salari\u00e9 du secteur priv\u00e9 et lorsque vous partez \u00e0 la retraite, vous avez &#8230; <a title=\"Retraite du salari\u00e9 : qu&#8217;est-ce que la d\u00e9cote ?\" class=\"read-more\" href=\"https:\/\/www.feodus-finance.fr\/defiscalisation\/retraite-salarie-decote\/\" aria-label=\"En savoir plus sur Retraite du salari\u00e9 : qu&#8217;est-ce que la d\u00e9cote ?\">Lire plus<\/a><\/p>\n","protected":false},"author":2,"featured_media":2819,"parent":0,"menu_order":0,"comment_status":"closed","ping_status":"closed","template":"","meta":{"footnotes":""},"class_list":["post-2946","page","type-page","status-publish","has-post-thumbnail"],"yoast_head":"<!-- This site is optimized with the Yoast SEO plugin v24.6 - https:\/\/yoast.com\/wordpress\/plugins\/seo\/ -->\n<title>Retraite du salari\u00e9 : qu&#039;est-ce que la d\u00e9cote ? - Feodus<\/title>\n<meta name=\"description\" content=\"qu&#039;est-ce que la d\u00e9cote en mati\u00e8re de retraite\" \/>\n<meta name=\"robots\" content=\"index, follow, max-snippet:-1, max-image-preview:large, max-video-preview:-1\" \/>\n<link rel=\"canonical\" href=\"https:\/\/www.feodus-finance.fr\/defiscalisation\/retraite-salarie-decote\/\" \/>\n<meta property=\"og:locale\" content=\"fr_FR\" \/>\n<meta property=\"og:type\" content=\"article\" \/>\n<meta property=\"og:title\" content=\"Retraite du salari\u00e9 : qu&#039;est-ce que la d\u00e9cote ? - Feodus\" \/>\n<meta property=\"og:description\" content=\"qu&#039;est-ce que la d\u00e9cote en mati\u00e8re de retraite\" \/>\n<meta property=\"og:url\" content=\"https:\/\/www.feodus-finance.fr\/defiscalisation\/retraite-salarie-decote\/\" \/>\n<meta property=\"og:site_name\" content=\"Feodus\" \/>\n<meta property=\"article:modified_time\" content=\"2024-02-14T17:46:28+00:00\" \/>\n<meta property=\"og:image\" content=\"https:\/\/www.feodus-finance.fr\/defiscalisation\/wp-content\/uploads\/2024\/01\/portabilite-per-collectif.jpg\" \/>\n\t<meta property=\"og:image:width\" content=\"1920\" \/>\n\t<meta property=\"og:image:height\" content=\"1280\" \/>\n\t<meta property=\"og:image:type\" content=\"image\/jpeg\" \/>\n<meta name=\"twitter:card\" content=\"summary_large_image\" \/>\n<!-- \/ Yoast SEO plugin. -->","yoast_head_json":{"title":"Retraite du salari\u00e9 : qu'est-ce que la d\u00e9cote ? - Feodus","description":"qu'est-ce que la d\u00e9cote en mati\u00e8re de retraite","robots":{"index":"index","follow":"follow","max-snippet":"max-snippet:-1","max-image-preview":"max-image-preview:large","max-video-preview":"max-video-preview:-1"},"canonical":"https:\/\/www.feodus-finance.fr\/defiscalisation\/retraite-salarie-decote\/","og_locale":"fr_FR","og_type":"article","og_title":"Retraite du salari\u00e9 : qu'est-ce que la d\u00e9cote ? - Feodus","og_description":"qu'est-ce que la d\u00e9cote en mati\u00e8re de retraite","og_url":"https:\/\/www.feodus-finance.fr\/defiscalisation\/retraite-salarie-decote\/","og_site_name":"Feodus","article_modified_time":"2024-02-14T17:46:28+00:00","og_image":[{"width":1920,"height":1280,"url":"https:\/\/www.feodus-finance.fr\/defiscalisation\/wp-content\/uploads\/2024\/01\/portabilite-per-collectif.jpg","type":"image\/jpeg"}],"twitter_card":"summary_large_image","schema":{"@context":"https:\/\/schema.org","@graph":[{"@type":"WebPage","@id":"https:\/\/www.feodus-finance.fr\/defiscalisation\/retraite-salarie-decote\/","url":"https:\/\/www.feodus-finance.fr\/defiscalisation\/retraite-salarie-decote\/","name":"Retraite du salari\u00e9 : qu'est-ce que la d\u00e9cote ? - Feodus","isPartOf":{"@id":"https:\/\/www.feodus-finance.fr\/defiscalisation\/#website"},"primaryImageOfPage":{"@id":"https:\/\/www.feodus-finance.fr\/defiscalisation\/retraite-salarie-decote\/#primaryimage"},"image":{"@id":"https:\/\/www.feodus-finance.fr\/defiscalisation\/retraite-salarie-decote\/#primaryimage"},"thumbnailUrl":"https:\/\/www.feodus-finance.fr\/defiscalisation\/wp-content\/uploads\/2024\/01\/portabilite-per-collectif.jpg","datePublished":"2023-09-11T16:45:00+00:00","dateModified":"2024-02-14T17:46:28+00:00","description":"qu'est-ce que la d\u00e9cote en mati\u00e8re de retraite","breadcrumb":{"@id":"https:\/\/www.feodus-finance.fr\/defiscalisation\/retraite-salarie-decote\/#breadcrumb"},"inLanguage":"fr-FR","potentialAction":[{"@type":"ReadAction","target":["https:\/\/www.feodus-finance.fr\/defiscalisation\/retraite-salarie-decote\/"]}]},{"@type":"ImageObject","inLanguage":"fr-FR","@id":"https:\/\/www.feodus-finance.fr\/defiscalisation\/retraite-salarie-decote\/#primaryimage","url":"https:\/\/www.feodus-finance.fr\/defiscalisation\/wp-content\/uploads\/2024\/01\/portabilite-per-collectif.jpg","contentUrl":"https:\/\/www.feodus-finance.fr\/defiscalisation\/wp-content\/uploads\/2024\/01\/portabilite-per-collectif.jpg","width":1920,"height":1280},{"@type":"BreadcrumbList","@id":"https:\/\/www.feodus-finance.fr\/defiscalisation\/retraite-salarie-decote\/#breadcrumb","itemListElement":[{"@type":"ListItem","position":1,"name":"Accueil","item":"https:\/\/www.feodus-finance.fr\/defiscalisation\/"},{"@type":"ListItem","position":2,"name":"Retraite du salari\u00e9 : qu&#8217;est-ce que la d\u00e9cote ?"}]},{"@type":"WebSite","@id":"https:\/\/www.feodus-finance.fr\/defiscalisation\/#website","url":"https:\/\/www.feodus-finance.fr\/defiscalisation\/","name":"Feodus","description":"","publisher":{"@id":"https:\/\/www.feodus-finance.fr\/defiscalisation\/#organization"},"potentialAction":[{"@type":"SearchAction","target":{"@type":"EntryPoint","urlTemplate":"https:\/\/www.feodus-finance.fr\/defiscalisation\/?s={search_term_string}"},"query-input":{"@type":"PropertyValueSpecification","valueRequired":true,"valueName":"search_term_string"}}],"inLanguage":"fr-FR"},{"@type":"Organization","@id":"https:\/\/www.feodus-finance.fr\/defiscalisation\/#organization","name":"Feodus","url":"https:\/\/www.feodus-finance.fr\/defiscalisation\/","logo":{"@type":"ImageObject","inLanguage":"fr-FR","@id":"https:\/\/www.feodus-finance.fr\/defiscalisation\/#\/schema\/logo\/image\/","url":"https:\/\/www.feodus-finance.fr\/defiscalisation\/wp-content\/uploads\/2023\/11\/cropped-logo-footer.jpg","contentUrl":"https:\/\/www.feodus-finance.fr\/defiscalisation\/wp-content\/uploads\/2023\/11\/cropped-logo-footer.jpg","width":249,"height":73,"caption":"Feodus"},"image":{"@id":"https:\/\/www.feodus-finance.fr\/defiscalisation\/#\/schema\/logo\/image\/"}}]}},"_links":{"self":[{"href":"https:\/\/www.feodus-finance.fr\/defiscalisation\/wp-json\/wp\/v2\/pages\/2946","targetHints":{"allow":["GET"]}}],"collection":[{"href":"https:\/\/www.feodus-finance.fr\/defiscalisation\/wp-json\/wp\/v2\/pages"}],"about":[{"href":"https:\/\/www.feodus-finance.fr\/defiscalisation\/wp-json\/wp\/v2\/types\/page"}],"author":[{"embeddable":true,"href":"https:\/\/www.feodus-finance.fr\/defiscalisation\/wp-json\/wp\/v2\/users\/2"}],"replies":[{"embeddable":true,"href":"https:\/\/www.feodus-finance.fr\/defiscalisation\/wp-json\/wp\/v2\/comments?post=2946"}],"version-history":[{"count":2,"href":"https:\/\/www.feodus-finance.fr\/defiscalisation\/wp-json\/wp\/v2\/pages\/2946\/revisions"}],"predecessor-version":[{"id":2948,"href":"https:\/\/www.feodus-finance.fr\/defiscalisation\/wp-json\/wp\/v2\/pages\/2946\/revisions\/2948"}],"wp:featuredmedia":[{"embeddable":true,"href":"https:\/\/www.feodus-finance.fr\/defiscalisation\/wp-json\/wp\/v2\/media\/2819"}],"wp:attachment":[{"href":"https:\/\/www.feodus-finance.fr\/defiscalisation\/wp-json\/wp\/v2\/media?parent=2946"}],"curies":[{"name":"wp","href":"https:\/\/api.w.org\/{rel}","templated":true}]}}