{"id":2976,"date":"2023-08-02T18:43:56","date_gmt":"2023-08-02T16:43:56","guid":{"rendered":"https:\/\/www.feodus-finance.fr\/defiscalisation\/?page_id=2976"},"modified":"2024-02-25T18:44:33","modified_gmt":"2024-02-25T17:44:33","slug":"sarl-remuneration-dirigeant","status":"publish","type":"page","link":"https:\/\/www.feodus-finance.fr\/defiscalisation\/sarl-remuneration-dirigeant\/","title":{"rendered":"Dirigeant de soci\u00e9t\u00e9 : la SARL et le r\u00e9gime fiscal de la r\u00e9mun\u00e9ration de son dirigeant"},"content":{"rendered":"\n<div style=\"height:42px\" aria-hidden=\"true\" class=\"wp-block-spacer\"><\/div>\n\n\n\n<p class=\"has-medium-font-size\">Les dirigeants de soci\u00e9t\u00e9 peuvent percevoir une r\u00e9mun\u00e9ration en contrepartie de leurs fonctions ou exercer \u00e0 titre gratuit (Soci\u00e9t\u00e9 par actions simplifi\u00e9e,\u00a0Soci\u00e9t\u00e9 \u00e0 responsabilit\u00e9 limit\u00e9e). <\/p>\n\n\n\n<p class=\"has-medium-font-size\">La r\u00e9mun\u00e9ration peut \u00eatre fix\u00e9e dans les statuts, par le conseil de surveillance ou d&#8217;administration, par d\u00e9cision collective des associ\u00e9s ou encore par l&#8217;assembl\u00e9e g\u00e9n\u00e9rale. <\/p>\n\n\n\n<p class=\"has-medium-font-size\">L&#8217;imposition des r\u00e9mun\u00e9rations des dirigeants d\u00e9pend du r\u00e9gime fiscal et de la forme juridique de la soci\u00e9t\u00e9.<\/p>\n\n\n\n<h2 class=\"wp-block-heading\">\u00c0 quel imp\u00f4t sont soumises les r\u00e9mun\u00e9rations des dirigeants\u00a0?<\/h2>\n\n\n\n<p>Dans une soci\u00e9t\u00e9 \u00e0 responsabilit\u00e9 limit\u00e9e, les r\u00e9mun\u00e9rations des dirigeants suivants sont soumises \u00e0 l&#8217;imp\u00f4t sur les revenus&nbsp;:<\/p>\n\n\n\n<ul class=\"wp-block-list\">\n<li>G\u00e9rant minoritaire ou \u00e9galitaire<\/li>\n\n\n\n<li>G\u00e9rant non associ\u00e9 qui exerce un travail effectif<\/li>\n<\/ul>\n\n\n\n<p>Nota : la r\u00e9mun\u00e9ration du g\u00e9rant majoritaire m\u00eame s&#8217;il n&#8217;est pas assimil\u00e9 salari\u00e9 fiscalement est soumise \u00e0 l&#8217;imp\u00f4t sur le revenu.<\/p>\n\n\n\n<h2 class=\"wp-block-heading\">Quelle somme doit \u00eatre d\u00e9clar\u00e9e par les dirigeants ?<\/h2>\n\n\n\n<p>Toute r\u00e9mun\u00e9ration per\u00e7ue par les dirigeants de soci\u00e9t\u00e9 relevant de l&#8217;imp\u00f4t sur les soci\u00e9t\u00e9s (IS), est soumise au bar\u00e8me progressif de l&#8217;imp\u00f4t sur le revenu (IR), dans la\u00a0cat\u00e9gorie des traitements et salaires. Ces r\u00e9mun\u00e9ration peuvent \u00eatre le traitement de base, une prime, une gratification, un avantage en nature, un\u00a0<em>int\u00e9ressement<\/em>\u00a0aux r\u00e9sultats par exemple.<\/p>\n\n\n\n<p>Cette r\u00e9mun\u00e9ration b\u00e9n\u00e9ficie de la d\u00e9duction forfaitaire de\u00a0<strong>10\u00a0%<\/strong>. Toutefois, les dirigeants peuvent choisir de\u00a0d\u00e9duire leurs frais professionnels r\u00e9els\u00a0et justifi\u00e9s.<\/p>\n\n\n\n<p>Par exemple, un dirigeant per\u00e7oit un salaire de&nbsp;<strong>100 000&nbsp;\u20ac<\/strong>, des allocations forfaitaires pour frais de&nbsp;<strong>15 000&nbsp;\u20ac<\/strong>. Ses frais r\u00e9els professionnels justifi\u00e9s s&#8217;\u00e9l\u00e8vent \u00e0&nbsp;<strong>35 000&nbsp;\u20ac<\/strong>. La somme \u00e0 d\u00e9clarer ne sera pas la m\u00eame selon qu&#8217;il opte pour le r\u00e9gime des frais r\u00e9els ou non.<\/p>\n\n\n\n<p class=\"has-base-2-background-color has-background has-medium-font-size\"><strong>Sans option pour le r\u00e9gime des frais r\u00e9els : <\/strong><\/p>\n\n\n\n<p>Si le dirigeant n&#8217;opte pas pour le r\u00e9gime des frais r\u00e9els, la formule est la suivante&nbsp;:<\/p>\n\n\n\n<p>Salaire net &#8211; d\u00e9duction forfaitaire de&nbsp;<strong>10&nbsp;%<\/strong>.<\/p>\n\n\n\n<p>Ainsi, le dirigeant qui per\u00e7oit un salaire de&nbsp;<strong>100 000&nbsp;\u20ac<\/strong>&nbsp;et qui b\u00e9n\u00e9ficie d&#8217;une d\u00e9duction de&nbsp;<strong>10&nbsp;%<\/strong>&nbsp;devra d\u00e9clarer&nbsp;<strong>90 000&nbsp;\u20ac<\/strong>&nbsp;(<strong>100 000&nbsp;\u20ac<\/strong>&nbsp;&#8211;&nbsp;<strong>10&nbsp;%<\/strong>&nbsp;=<strong>&nbsp;90 000&nbsp;\u20ac<\/strong>).<\/p>\n\n\n\n<p class=\"has-base-2-background-color has-background has-medium-font-size\"><strong>Avec option pour le r\u00e9gime des frais r\u00e9els : <\/strong><\/p>\n\n\n\n<p>Si le dirigeant opte pour le r\u00e9gime des frais r\u00e9els, la formule est la suivante&nbsp;:<\/p>\n\n\n\n<p>Salaire net + allocations forfaitaires &#8211; frais r\u00e9els justifi\u00e9s.<\/p>\n\n\n\n<p>Ainsi, le dirigeant qui per\u00e7oit un salaire de&nbsp;<strong>100 000&nbsp;\u20ac<\/strong>, des allocations forfaitaires de&nbsp;<strong>15 000&nbsp;\u20ac<\/strong>&nbsp;et qui paye des frais r\u00e9els de&nbsp;<strong>35 000&nbsp;\u20ac<\/strong>&nbsp;devra d\u00e9clarer&nbsp;<strong>80 000&nbsp;\u20ac<\/strong>&nbsp;(<strong>100 000&nbsp;\u20ac<\/strong>&nbsp;+&nbsp;<strong>15 000&nbsp;\u20ac<\/strong>&nbsp;&#8211;<strong>&nbsp;35 000&nbsp;\u20ac<\/strong>&nbsp;=<strong>&nbsp;80 000&nbsp;\u20ac<\/strong>).<\/p>\n\n\n\n<p>Pour la soci\u00e9t\u00e9, les r\u00e9mun\u00e9rations vers\u00e9es aux dirigeants constituent une\u00a0charge d\u00e9ductible\u00a0si elles correspondent \u00e0 un travail effectif et ne sont pas excessives au regard des fonctions exerc\u00e9es.<\/p>\n\n\n\n<p>Ces r\u00e9mun\u00e9rations peuvent \u00eatre soumises \u00e0 la\u00a0taxe sur les salaires\u00a0si la soci\u00e9t\u00e9 n&#8217;est pas soumise \u00e0 la TVA ou ne l&#8217;a pas \u00e9t\u00e9 sur\u00a0<strong>90\u00a0%<\/strong>\u00a0au moins de son chiffre d&#8217;affaires.<\/p>\n","protected":false},"excerpt":{"rendered":"<p>Les dirigeants de soci\u00e9t\u00e9 peuvent percevoir une r\u00e9mun\u00e9ration en contrepartie de leurs fonctions ou exercer \u00e0 titre gratuit (Soci\u00e9t\u00e9 par actions simplifi\u00e9e,\u00a0Soci\u00e9t\u00e9 \u00e0 responsabilit\u00e9 limit\u00e9e). La r\u00e9mun\u00e9ration peut \u00eatre fix\u00e9e dans les statuts, par le conseil de surveillance ou d&#8217;administration, par d\u00e9cision collective des associ\u00e9s ou encore par l&#8217;assembl\u00e9e g\u00e9n\u00e9rale. L&#8217;imposition des r\u00e9mun\u00e9rations des dirigeants &#8230; <a title=\"Dirigeant de soci\u00e9t\u00e9 : la SARL et le r\u00e9gime fiscal de la r\u00e9mun\u00e9ration de son dirigeant\" class=\"read-more\" href=\"https:\/\/www.feodus-finance.fr\/defiscalisation\/sarl-remuneration-dirigeant\/\" aria-label=\"En savoir plus sur Dirigeant de soci\u00e9t\u00e9 : la SARL et le r\u00e9gime fiscal de la r\u00e9mun\u00e9ration de son dirigeant\">Lire plus<\/a><\/p>\n","protected":false},"author":2,"featured_media":2815,"parent":0,"menu_order":0,"comment_status":"closed","ping_status":"closed","template":"","meta":{"footnotes":""},"class_list":["post-2976","page","type-page","status-publish","has-post-thumbnail"],"yoast_head":"<!-- This site is optimized with the Yoast SEO plugin v24.6 - https:\/\/yoast.com\/wordpress\/plugins\/seo\/ -->\n<title>Dirigeant de soci\u00e9t\u00e9 : la SARL et le r\u00e9gime fiscal de la r\u00e9mun\u00e9ration de son dirigeant - Feodus<\/title>\n<meta name=\"description\" content=\"Dirigeant de soci\u00e9t\u00e9 : la SARL et le r\u00e9gime fiscal de la r\u00e9mun\u00e9ration de son dirigeant\" \/>\n<meta name=\"robots\" content=\"index, follow, max-snippet:-1, max-image-preview:large, max-video-preview:-1\" \/>\n<link rel=\"canonical\" href=\"https:\/\/www.feodus-finance.fr\/defiscalisation\/sarl-remuneration-dirigeant\/\" \/>\n<meta property=\"og:locale\" content=\"fr_FR\" \/>\n<meta property=\"og:type\" content=\"article\" \/>\n<meta property=\"og:title\" content=\"Dirigeant de soci\u00e9t\u00e9 : la SARL et le r\u00e9gime fiscal de la r\u00e9mun\u00e9ration de son dirigeant - Feodus\" \/>\n<meta property=\"og:description\" content=\"Dirigeant de soci\u00e9t\u00e9 : la SARL et le r\u00e9gime fiscal de la r\u00e9mun\u00e9ration de son dirigeant\" \/>\n<meta property=\"og:url\" content=\"https:\/\/www.feodus-finance.fr\/defiscalisation\/sarl-remuneration-dirigeant\/\" \/>\n<meta property=\"og:site_name\" content=\"Feodus\" \/>\n<meta property=\"article:modified_time\" content=\"2024-02-25T17:44:33+00:00\" \/>\n<meta property=\"og:image\" content=\"https:\/\/www.feodus-finance.fr\/defiscalisation\/wp-content\/uploads\/2024\/01\/calcul-montant-rente-retraite.jpg\" \/>\n\t<meta property=\"og:image:width\" content=\"1920\" \/>\n\t<meta property=\"og:image:height\" content=\"1131\" \/>\n\t<meta property=\"og:image:type\" content=\"image\/jpeg\" \/>\n<meta name=\"twitter:card\" content=\"summary_large_image\" \/>\n<!-- \/ Yoast SEO plugin. -->","yoast_head_json":{"title":"Dirigeant de soci\u00e9t\u00e9 : la SARL et le r\u00e9gime fiscal de la r\u00e9mun\u00e9ration de son dirigeant - Feodus","description":"Dirigeant de soci\u00e9t\u00e9 : la SARL et le r\u00e9gime fiscal de la r\u00e9mun\u00e9ration de son dirigeant","robots":{"index":"index","follow":"follow","max-snippet":"max-snippet:-1","max-image-preview":"max-image-preview:large","max-video-preview":"max-video-preview:-1"},"canonical":"https:\/\/www.feodus-finance.fr\/defiscalisation\/sarl-remuneration-dirigeant\/","og_locale":"fr_FR","og_type":"article","og_title":"Dirigeant de soci\u00e9t\u00e9 : la SARL et le r\u00e9gime fiscal de la r\u00e9mun\u00e9ration de son dirigeant - Feodus","og_description":"Dirigeant de soci\u00e9t\u00e9 : la SARL et le r\u00e9gime fiscal de la r\u00e9mun\u00e9ration de son dirigeant","og_url":"https:\/\/www.feodus-finance.fr\/defiscalisation\/sarl-remuneration-dirigeant\/","og_site_name":"Feodus","article_modified_time":"2024-02-25T17:44:33+00:00","og_image":[{"width":1920,"height":1131,"url":"https:\/\/www.feodus-finance.fr\/defiscalisation\/wp-content\/uploads\/2024\/01\/calcul-montant-rente-retraite.jpg","type":"image\/jpeg"}],"twitter_card":"summary_large_image","schema":{"@context":"https:\/\/schema.org","@graph":[{"@type":"WebPage","@id":"https:\/\/www.feodus-finance.fr\/defiscalisation\/sarl-remuneration-dirigeant\/","url":"https:\/\/www.feodus-finance.fr\/defiscalisation\/sarl-remuneration-dirigeant\/","name":"Dirigeant de soci\u00e9t\u00e9 : la SARL et le r\u00e9gime fiscal de la r\u00e9mun\u00e9ration de son dirigeant - Feodus","isPartOf":{"@id":"https:\/\/www.feodus-finance.fr\/defiscalisation\/#website"},"primaryImageOfPage":{"@id":"https:\/\/www.feodus-finance.fr\/defiscalisation\/sarl-remuneration-dirigeant\/#primaryimage"},"image":{"@id":"https:\/\/www.feodus-finance.fr\/defiscalisation\/sarl-remuneration-dirigeant\/#primaryimage"},"thumbnailUrl":"https:\/\/www.feodus-finance.fr\/defiscalisation\/wp-content\/uploads\/2024\/01\/calcul-montant-rente-retraite.jpg","datePublished":"2023-08-02T16:43:56+00:00","dateModified":"2024-02-25T17:44:33+00:00","description":"Dirigeant de soci\u00e9t\u00e9 : la SARL et le r\u00e9gime fiscal de la r\u00e9mun\u00e9ration de son dirigeant","breadcrumb":{"@id":"https:\/\/www.feodus-finance.fr\/defiscalisation\/sarl-remuneration-dirigeant\/#breadcrumb"},"inLanguage":"fr-FR","potentialAction":[{"@type":"ReadAction","target":["https:\/\/www.feodus-finance.fr\/defiscalisation\/sarl-remuneration-dirigeant\/"]}]},{"@type":"ImageObject","inLanguage":"fr-FR","@id":"https:\/\/www.feodus-finance.fr\/defiscalisation\/sarl-remuneration-dirigeant\/#primaryimage","url":"https:\/\/www.feodus-finance.fr\/defiscalisation\/wp-content\/uploads\/2024\/01\/calcul-montant-rente-retraite.jpg","contentUrl":"https:\/\/www.feodus-finance.fr\/defiscalisation\/wp-content\/uploads\/2024\/01\/calcul-montant-rente-retraite.jpg","width":1920,"height":1131},{"@type":"BreadcrumbList","@id":"https:\/\/www.feodus-finance.fr\/defiscalisation\/sarl-remuneration-dirigeant\/#breadcrumb","itemListElement":[{"@type":"ListItem","position":1,"name":"Accueil","item":"https:\/\/www.feodus-finance.fr\/defiscalisation\/"},{"@type":"ListItem","position":2,"name":"Dirigeant de soci\u00e9t\u00e9 : la SARL et le r\u00e9gime fiscal de la r\u00e9mun\u00e9ration de son dirigeant"}]},{"@type":"WebSite","@id":"https:\/\/www.feodus-finance.fr\/defiscalisation\/#website","url":"https:\/\/www.feodus-finance.fr\/defiscalisation\/","name":"Feodus","description":"","publisher":{"@id":"https:\/\/www.feodus-finance.fr\/defiscalisation\/#organization"},"potentialAction":[{"@type":"SearchAction","target":{"@type":"EntryPoint","urlTemplate":"https:\/\/www.feodus-finance.fr\/defiscalisation\/?s={search_term_string}"},"query-input":{"@type":"PropertyValueSpecification","valueRequired":true,"valueName":"search_term_string"}}],"inLanguage":"fr-FR"},{"@type":"Organization","@id":"https:\/\/www.feodus-finance.fr\/defiscalisation\/#organization","name":"Feodus","url":"https:\/\/www.feodus-finance.fr\/defiscalisation\/","logo":{"@type":"ImageObject","inLanguage":"fr-FR","@id":"https:\/\/www.feodus-finance.fr\/defiscalisation\/#\/schema\/logo\/image\/","url":"https:\/\/www.feodus-finance.fr\/defiscalisation\/wp-content\/uploads\/2023\/11\/cropped-logo-footer.jpg","contentUrl":"https:\/\/www.feodus-finance.fr\/defiscalisation\/wp-content\/uploads\/2023\/11\/cropped-logo-footer.jpg","width":249,"height":73,"caption":"Feodus"},"image":{"@id":"https:\/\/www.feodus-finance.fr\/defiscalisation\/#\/schema\/logo\/image\/"}}]}},"_links":{"self":[{"href":"https:\/\/www.feodus-finance.fr\/defiscalisation\/wp-json\/wp\/v2\/pages\/2976","targetHints":{"allow":["GET"]}}],"collection":[{"href":"https:\/\/www.feodus-finance.fr\/defiscalisation\/wp-json\/wp\/v2\/pages"}],"about":[{"href":"https:\/\/www.feodus-finance.fr\/defiscalisation\/wp-json\/wp\/v2\/types\/page"}],"author":[{"embeddable":true,"href":"https:\/\/www.feodus-finance.fr\/defiscalisation\/wp-json\/wp\/v2\/users\/2"}],"replies":[{"embeddable":true,"href":"https:\/\/www.feodus-finance.fr\/defiscalisation\/wp-json\/wp\/v2\/comments?post=2976"}],"version-history":[{"count":1,"href":"https:\/\/www.feodus-finance.fr\/defiscalisation\/wp-json\/wp\/v2\/pages\/2976\/revisions"}],"predecessor-version":[{"id":2977,"href":"https:\/\/www.feodus-finance.fr\/defiscalisation\/wp-json\/wp\/v2\/pages\/2976\/revisions\/2977"}],"wp:featuredmedia":[{"embeddable":true,"href":"https:\/\/www.feodus-finance.fr\/defiscalisation\/wp-json\/wp\/v2\/media\/2815"}],"wp:attachment":[{"href":"https:\/\/www.feodus-finance.fr\/defiscalisation\/wp-json\/wp\/v2\/media?parent=2976"}],"curies":[{"name":"wp","href":"https:\/\/api.w.org\/{rel}","templated":true}]}}